{"id":922,"date":"2017-07-25T12:33:38","date_gmt":"2017-07-25T10:33:38","guid":{"rendered":"http:\/\/inycial.com\/?page_id=922"},"modified":"2024-10-24T12:45:24","modified_gmt":"2024-10-24T10:45:24","slug":"plan-de-autoproteccion","status":"publish","type":"page","link":"https:\/\/inycial.com\/index.php\/inycia-ingenieros-y-consultores\/servicios\/consultoria-industrial\/seguridad-industrial\/plan-de-autoproteccion\/","title":{"rendered":"PLAN DE AUTOPROTECCI\u00d3N"},"content":{"rendered":"<p class=\"documento-tit\">El Real Decreto 393\/2007, aprueba la Norma B\u00e1sica de Autoprotecci\u00f3n de los centros, establecimientos y dependencias dedicados a actividades que puedan dar origen a situaciones de emergencia.<\/p>\n<p>Las personas, empresas, organismos que pueden generar situaciones de riesgo y los centros que pueden resultar afectados, est\u00e1n obligados a adoptar medidas de autoprotecci\u00f3n y mantener medios para afrontar las emergencias.<\/p>\n<p><img loading=\"lazy\" decoding=\"async\" class=\" wp-image-1907 alignleft\" src=\"https:\/\/inycial.com\/wp-content\/uploads\/2024\/10\/plan-autoproteccion-300x108.png\" alt=\"\" width=\"414\" height=\"149\" srcset=\"https:\/\/inycial.com\/wp-content\/uploads\/2024\/10\/plan-autoproteccion-300x108.png 300w, https:\/\/inycial.com\/wp-content\/uploads\/2024\/10\/plan-autoproteccion.png 374w\" sizes=\"auto, (max-width: 414px) 100vw, 414px\" \/> Los <strong>Planes de Autoprotecci\u00f3n (PAU)<\/strong> prev\u00e9n para determinados centros, empresas y instalaciones, las emergencias que se pueden producir como consecuencia de su propia actividad y las medidas de respuesta ante situaciones de riesgo, cat\u00e1strofes y de calamidades p\u00fablicas que los pueden afectar.<\/p>\n<p>Cabe considerar que el <strong>Plan de Autoprotecci\u00f3n<\/strong> debe ser elaborado y firmado por personal t\u00e9cnico competente y debe estar suscrito igualmente por la persona titular de la actividad, si es una persona f\u00edsica, o por la persona que la represente, si es una persona jur\u00eddica.<\/p>\n<p><span style=\"color: #3366ff;\"><em>Inycia<\/em><\/span> ofrece los siguientes\u00a0servicios:<\/p>\n<ul>\n<li>Elaborar el <strong>PAU<\/strong>\u00a0de la actividad.<\/li>\n<li>Presentar el <strong>PAU<\/strong>\u00a0al \u00f3rgano competente.<\/li>\n<li>Incorporar el <strong>PAU<\/strong>\u00a0las modificaciones pertinentes y asegurar las actualizaciones.<\/li>\n<li>Solicitar el registro\u00a0electr\u00f3nico del Plan en la Comunidad si fuera necesario.<\/li>\n<li>Implantar el <strong>PAU<\/strong>: formaci\u00f3n y simulacros (m\u00ednimo 1 anual).<\/li>\n<\/ul>\n<p>El cat\u00e1logo de actividades y centros\u00a0<strong>obligados a adoptar medidas de autoprotecci\u00f3n\u00a0<\/strong>son, entre otros, los siguientes:<\/p>\n<p>1)\u00a0\u00a0\u00a0 <strong>Actividades con reglamentaci\u00f3n sectorial espec\u00edfica<\/strong>:<\/p>\n<ul>\n<li>a) Actividades industriales, de almacenamiento y de investigaci\u00f3n.<\/li>\n<li>b) Actividades de infraestructuras de transporte.<\/li>\n<li>c) Actividades e infraestructuras energ\u00e9ticas.<\/li>\n<li>\n<p class=\"parrafo_2\">d) Actividades de espect\u00e1culos p\u00fablicos y recreativas. Lugares, recintos e instalaciones en las que se celebren los eventos regulados por la normativa vigente en materia de Espect\u00e1culos P\u00fablicos y Actividades Recreativas, siempre que cumplan con las siguientes caracter\u00edsticas:<\/p>\n<p class=\"parrafo\">En espacios cerrados:<\/p>\n<p class=\"parrafo\">Edificios cerrados: Con capacidad o aforo igual o superior a 2000 personas, o con una altura de evacuaci\u00f3n igual o superior a 28 m.<\/p>\n<p class=\"parrafo\">Instalaciones cerradas desmontables o de temporada: con capacidad o aforo igual o superior a 2.500 personas.<\/p>\n<p class=\"parrafo_2\">Al aire libre: En general, aquellas con una capacidad o aforo igual o superior a 20.000 personas.<\/p>\n<\/li>\n<li>e) Otras actividades reguladas por normativa sectorial de autoprotecci\u00f3n.<\/li>\n<\/ul>\n<p>2)\u00a0\u00a0\u00a0\u00a0\u00a0<strong> Actividades sin reglamentaci\u00f3n sectorial espec\u00edfica:<\/strong><\/p>\n<ul>\n<li>a) Actividades industriales y de almacenamiento.<\/li>\n<\/ul>\n<p style=\"padding-left: 60px;\">&#8211; Aquellas con una carga de fuego ponderada y corregida igual o superior a 3.200 Mcal\/m2 o 13.600 MJ\/m2<\/p>\n<p style=\"padding-left: 60px;\">&#8211; Aquellas en las que est\u00e9n presentes sustancias peligrosas en cantidades iguales o superiores al 60% de las especificadas en la columna 2 de las partes 1 y 2 del anexo 1 del Real Decreto 1254\/1999<\/p>\n<p style=\"padding-left: 60px;\">&#8211;\u00a0Establecimientos con instalaciones acogidas a las ITC IP02, IP03 e IP-04 con m\u00e1s de 500 m3<\/p>\n<ul>\n<li>b) Actividades e infraestructuras de transporte.<\/li>\n<li>d) Actividades sanitarias.<\/li>\n<li>e) Actividades docentes.<\/li>\n<li>f) Actividades residenciales p\u00fablicas.<\/li>\n<li>\n<p class=\"parrafo\">g) Otras actividades: Aquellas otras actividades desarrolladas en centros, establecimientos, espacios, instalaciones o dependencias o medios an\u00e1logos que re\u00fanan alguna de las siguientes caracter\u00edsticas:<\/p>\n<p class=\"parrafo\">Todos aquellos edificios que alberguen actividades comerciales, administrativas, de prestaci\u00f3n de servicios, o de cualquier otro tipo, siempre que la altura de evacuaci\u00f3n del edificio sea igual o superior a 28 m, o bien dispongan de una ocupaci\u00f3n igual o superior a 2.000 personas.<\/p>\n<p class=\"parrafo\">Instalaciones cerradas desmontables o de temporada con capacidad igual o superior a 2.500 personas.<\/p>\n<p class=\"parrafo\">Instalaciones de camping con capacidad igual o superior a 2.000 personas.<\/p>\n<p class=\"parrafo\">Todas aquellas actividades desarrolladas al aire libre con un n\u00famero de asistentes previsto igual o superior a 20.000 personas.<\/p>\n<\/li>\n<\/ul>\n","protected":false},"excerpt":{"rendered":"<p>El Real Decreto 393\/2007, aprueba la Norma B\u00e1sica de Autoprotecci\u00f3n de los centros, establecimientos y dependencias dedicados a actividades que puedan dar origen a situaciones de emergencia. Las personas, empresas, organismos que pueden generar situaciones de riesgo y los centros que pueden resultar afectados, est\u00e1n obligados a adoptar medidas de autoprotecci\u00f3n y mantener medios para afrontar las emergencias. Los Planes de Autoprotecci\u00f3n (PAU) prev\u00e9n para [&hellip;]<\/p>\n","protected":false},"author":1,"featured_media":1643,"parent":565,"menu_order":24,"comment_status":"closed","ping_status":"closed","template":"","meta":{"footnotes":""},"class_list":["post-922","page","type-page","status-publish","has-post-thumbnail","hentry"],"yoast_head":"<!-- This site is optimized with the Yoast SEO plugin v27.4 - https:\/\/yoast.com\/product\/yoast-seo-wordpress\/ -->\n<title>PLAN DE AUTOPROTECCI\u00d3N - Inycia Ingenieros y Consultores<\/title>\n<meta name=\"robots\" content=\"index, follow, max-snippet:-1, max-image-preview:large, max-video-preview:-1\" \/>\n<link rel=\"canonical\" href=\"https:\/\/inycial.com\/index.php\/inycia-ingenieros-y-consultores\/servicios\/consultoria-industrial\/seguridad-industrial\/plan-de-autoproteccion\/\" \/>\n<meta property=\"og:locale\" content=\"es_ES\" \/>\n<meta property=\"og:type\" content=\"article\" \/>\n<meta property=\"og:title\" content=\"PLAN DE AUTOPROTECCI\u00d3N - Inycia Ingenieros y Consultores\" \/>\n<meta property=\"og:description\" content=\"El Real Decreto 393\/2007, aprueba la Norma B\u00e1sica de Autoprotecci\u00f3n de los centros, establecimientos y dependencias dedicados a actividades que puedan dar origen a situaciones de emergencia. Las personas, empresas, organismos que pueden generar situaciones de riesgo y los centros que pueden resultar afectados, est\u00e1n obligados a adoptar medidas de autoprotecci\u00f3n y mantener medios para afrontar las emergencias. Los Planes de Autoprotecci\u00f3n (PAU) prev\u00e9n para [&hellip;]\" \/>\n<meta property=\"og:url\" content=\"https:\/\/inycial.com\/index.php\/inycia-ingenieros-y-consultores\/servicios\/consultoria-industrial\/seguridad-industrial\/plan-de-autoproteccion\/\" \/>\n<meta property=\"og:site_name\" content=\"Inycia Ingenieros y Consultores\" \/>\n<meta property=\"article:publisher\" content=\"https:\/\/www.facebook.com\/inycial\/\" \/>\n<meta property=\"article:modified_time\" content=\"2024-10-24T10:45:24+00:00\" \/>\n<meta property=\"og:image\" content=\"https:\/\/inycial.com\/wp-content\/uploads\/2023\/03\/Banner_Autoproteccion.png\" \/>\n\t<meta property=\"og:image:width\" content=\"4000\" \/>\n\t<meta property=\"og:image:height\" content=\"2250\" \/>\n\t<meta property=\"og:image:type\" content=\"image\/png\" \/>\n<meta name=\"twitter:card\" content=\"summary_large_image\" \/>\n<meta name=\"twitter:site\" content=\"@inycial\" \/>\n<meta name=\"twitter:label1\" content=\"Tiempo de lectura\" \/>\n\t<meta name=\"twitter:data1\" content=\"3 minutos\" \/>\n<script type=\"application\/ld+json\" class=\"yoast-schema-graph\">{\"@context\":\"https:\\\/\\\/schema.org\",\"@graph\":[{\"@type\":\"WebPage\",\"@id\":\"https:\\\/\\\/inycial.com\\\/index.php\\\/inycia-ingenieros-y-consultores\\\/servicios\\\/consultoria-industrial\\\/seguridad-industrial\\\/plan-de-autoproteccion\\\/\",\"url\":\"https:\\\/\\\/inycial.com\\\/index.php\\\/inycia-ingenieros-y-consultores\\\/servicios\\\/consultoria-industrial\\\/seguridad-industrial\\\/plan-de-autoproteccion\\\/\",\"name\":\"PLAN DE AUTOPROTECCI\u00d3N - Inycia Ingenieros y Consultores\",\"isPartOf\":{\"@id\":\"https:\\\/\\\/inycial.com\\\/#website\"},\"primaryImageOfPage\":{\"@id\":\"https:\\\/\\\/inycial.com\\\/index.php\\\/inycia-ingenieros-y-consultores\\\/servicios\\\/consultoria-industrial\\\/seguridad-industrial\\\/plan-de-autoproteccion\\\/#primaryimage\"},\"image\":{\"@id\":\"https:\\\/\\\/inycial.com\\\/index.php\\\/inycia-ingenieros-y-consultores\\\/servicios\\\/consultoria-industrial\\\/seguridad-industrial\\\/plan-de-autoproteccion\\\/#primaryimage\"},\"thumbnailUrl\":\"https:\\\/\\\/inycial.com\\\/wp-content\\\/uploads\\\/2023\\\/03\\\/Banner_Autoproteccion.png\",\"datePublished\":\"2017-07-25T10:33:38+00:00\",\"dateModified\":\"2024-10-24T10:45:24+00:00\",\"breadcrumb\":{\"@id\":\"https:\\\/\\\/inycial.com\\\/index.php\\\/inycia-ingenieros-y-consultores\\\/servicios\\\/consultoria-industrial\\\/seguridad-industrial\\\/plan-de-autoproteccion\\\/#breadcrumb\"},\"inLanguage\":\"es\",\"potentialAction\":[{\"@type\":\"ReadAction\",\"target\":[\"https:\\\/\\\/inycial.com\\\/index.php\\\/inycia-ingenieros-y-consultores\\\/servicios\\\/consultoria-industrial\\\/seguridad-industrial\\\/plan-de-autoproteccion\\\/\"]}]},{\"@type\":\"ImageObject\",\"inLanguage\":\"es\",\"@id\":\"https:\\\/\\\/inycial.com\\\/index.php\\\/inycia-ingenieros-y-consultores\\\/servicios\\\/consultoria-industrial\\\/seguridad-industrial\\\/plan-de-autoproteccion\\\/#primaryimage\",\"url\":\"https:\\\/\\\/inycial.com\\\/wp-content\\\/uploads\\\/2023\\\/03\\\/Banner_Autoproteccion.png\",\"contentUrl\":\"https:\\\/\\\/inycial.com\\\/wp-content\\\/uploads\\\/2023\\\/03\\\/Banner_Autoproteccion.png\",\"width\":4000,\"height\":2250},{\"@type\":\"BreadcrumbList\",\"@id\":\"https:\\\/\\\/inycial.com\\\/index.php\\\/inycia-ingenieros-y-consultores\\\/servicios\\\/consultoria-industrial\\\/seguridad-industrial\\\/plan-de-autoproteccion\\\/#breadcrumb\",\"itemListElement\":[{\"@type\":\"ListItem\",\"position\":1,\"name\":\"Portada\",\"item\":\"https:\\\/\\\/inycial.com\\\/\"},{\"@type\":\"ListItem\",\"position\":2,\"name\":\"Inycia Ingenieros y Consultores\",\"item\":\"https:\\\/\\\/inycial.com\\\/\"},{\"@type\":\"ListItem\",\"position\":3,\"name\":\"SERVICIOS\",\"item\":\"https:\\\/\\\/inycial.com\\\/index.php\\\/inycia-ingenieros-y-consultores\\\/servicios\\\/\"},{\"@type\":\"ListItem\",\"position\":4,\"name\":\"CONSULTORIA INDUSTRIAL\",\"item\":\"https:\\\/\\\/inycial.com\\\/index.php\\\/inycia-ingenieros-y-consultores\\\/servicios\\\/consultoria-industrial\\\/\"},{\"@type\":\"ListItem\",\"position\":5,\"name\":\"CONSULTORIA EN SEGURIDAD INDUSTRIAL\",\"item\":\"https:\\\/\\\/inycial.com\\\/index.php\\\/inycia-ingenieros-y-consultores\\\/servicios\\\/consultoria-industrial\\\/seguridad-industrial\\\/\"},{\"@type\":\"ListItem\",\"position\":6,\"name\":\"PLAN DE AUTOPROTECCI\u00d3N\"}]},{\"@type\":\"WebSite\",\"@id\":\"https:\\\/\\\/inycial.com\\\/#website\",\"url\":\"https:\\\/\\\/inycial.com\\\/\",\"name\":\"Inycia Ingenieros y Consultores\",\"description\":\"Ingenier\u00eda y Consultor\u00eda instalaciones industriales y seguridad industrial\",\"publisher\":{\"@id\":\"https:\\\/\\\/inycial.com\\\/#organization\"},\"potentialAction\":[{\"@type\":\"SearchAction\",\"target\":{\"@type\":\"EntryPoint\",\"urlTemplate\":\"https:\\\/\\\/inycial.com\\\/?s={search_term_string}\"},\"query-input\":{\"@type\":\"PropertyValueSpecification\",\"valueRequired\":true,\"valueName\":\"search_term_string\"}}],\"inLanguage\":\"es\"},{\"@type\":\"Organization\",\"@id\":\"https:\\\/\\\/inycial.com\\\/#organization\",\"name\":\"Inycia Ingenieros y Consultores\",\"url\":\"https:\\\/\\\/inycial.com\\\/\",\"logo\":{\"@type\":\"ImageObject\",\"inLanguage\":\"es\",\"@id\":\"https:\\\/\\\/inycial.com\\\/#\\\/schema\\\/logo\\\/image\\\/\",\"url\":\"https:\\\/\\\/inycial.com\\\/wp-content\\\/uploads\\\/2017\\\/03\\\/Logo-e1490218059466.jpg\",\"contentUrl\":\"https:\\\/\\\/inycial.com\\\/wp-content\\\/uploads\\\/2017\\\/03\\\/Logo-e1490218059466.jpg\",\"width\":165,\"height\":41,\"caption\":\"Inycia Ingenieros y Consultores\"},\"image\":{\"@id\":\"https:\\\/\\\/inycial.com\\\/#\\\/schema\\\/logo\\\/image\\\/\"},\"sameAs\":[\"https:\\\/\\\/www.facebook.com\\\/inycial\\\/\",\"https:\\\/\\\/x.com\\\/inycial\",\"https:\\\/\\\/www.linkedin.com\\\/company\\\/ingenieria-y-consultoria-instalaciones-almacenamiento-s-l-\",\"https:\\\/\\\/www.pinterest.es\\\/inycial\\\/\"]}]}<\/script>\n<!-- \/ Yoast SEO plugin. -->","yoast_head_json":{"title":"PLAN DE AUTOPROTECCI\u00d3N - Inycia Ingenieros y Consultores","robots":{"index":"index","follow":"follow","max-snippet":"max-snippet:-1","max-image-preview":"max-image-preview:large","max-video-preview":"max-video-preview:-1"},"canonical":"https:\/\/inycial.com\/index.php\/inycia-ingenieros-y-consultores\/servicios\/consultoria-industrial\/seguridad-industrial\/plan-de-autoproteccion\/","og_locale":"es_ES","og_type":"article","og_title":"PLAN DE AUTOPROTECCI\u00d3N - Inycia Ingenieros y Consultores","og_description":"El Real Decreto 393\/2007, aprueba la Norma B\u00e1sica de Autoprotecci\u00f3n de los centros, establecimientos y dependencias dedicados a actividades que puedan dar origen a situaciones de emergencia. Las personas, empresas, organismos que pueden generar situaciones de riesgo y los centros que pueden resultar afectados, est\u00e1n obligados a adoptar medidas de autoprotecci\u00f3n y mantener medios para afrontar las emergencias. Los Planes de Autoprotecci\u00f3n (PAU) prev\u00e9n para [&hellip;]","og_url":"https:\/\/inycial.com\/index.php\/inycia-ingenieros-y-consultores\/servicios\/consultoria-industrial\/seguridad-industrial\/plan-de-autoproteccion\/","og_site_name":"Inycia Ingenieros y Consultores","article_publisher":"https:\/\/www.facebook.com\/inycial\/","article_modified_time":"2024-10-24T10:45:24+00:00","og_image":[{"width":4000,"height":2250,"url":"https:\/\/inycial.com\/wp-content\/uploads\/2023\/03\/Banner_Autoproteccion.png","type":"image\/png"}],"twitter_card":"summary_large_image","twitter_site":"@inycial","twitter_misc":{"Tiempo de lectura":"3 minutos"},"schema":{"@context":"https:\/\/schema.org","@graph":[{"@type":"WebPage","@id":"https:\/\/inycial.com\/index.php\/inycia-ingenieros-y-consultores\/servicios\/consultoria-industrial\/seguridad-industrial\/plan-de-autoproteccion\/","url":"https:\/\/inycial.com\/index.php\/inycia-ingenieros-y-consultores\/servicios\/consultoria-industrial\/seguridad-industrial\/plan-de-autoproteccion\/","name":"PLAN DE AUTOPROTECCI\u00d3N - Inycia Ingenieros y Consultores","isPartOf":{"@id":"https:\/\/inycial.com\/#website"},"primaryImageOfPage":{"@id":"https:\/\/inycial.com\/index.php\/inycia-ingenieros-y-consultores\/servicios\/consultoria-industrial\/seguridad-industrial\/plan-de-autoproteccion\/#primaryimage"},"image":{"@id":"https:\/\/inycial.com\/index.php\/inycia-ingenieros-y-consultores\/servicios\/consultoria-industrial\/seguridad-industrial\/plan-de-autoproteccion\/#primaryimage"},"thumbnailUrl":"https:\/\/inycial.com\/wp-content\/uploads\/2023\/03\/Banner_Autoproteccion.png","datePublished":"2017-07-25T10:33:38+00:00","dateModified":"2024-10-24T10:45:24+00:00","breadcrumb":{"@id":"https:\/\/inycial.com\/index.php\/inycia-ingenieros-y-consultores\/servicios\/consultoria-industrial\/seguridad-industrial\/plan-de-autoproteccion\/#breadcrumb"},"inLanguage":"es","potentialAction":[{"@type":"ReadAction","target":["https:\/\/inycial.com\/index.php\/inycia-ingenieros-y-consultores\/servicios\/consultoria-industrial\/seguridad-industrial\/plan-de-autoproteccion\/"]}]},{"@type":"ImageObject","inLanguage":"es","@id":"https:\/\/inycial.com\/index.php\/inycia-ingenieros-y-consultores\/servicios\/consultoria-industrial\/seguridad-industrial\/plan-de-autoproteccion\/#primaryimage","url":"https:\/\/inycial.com\/wp-content\/uploads\/2023\/03\/Banner_Autoproteccion.png","contentUrl":"https:\/\/inycial.com\/wp-content\/uploads\/2023\/03\/Banner_Autoproteccion.png","width":4000,"height":2250},{"@type":"BreadcrumbList","@id":"https:\/\/inycial.com\/index.php\/inycia-ingenieros-y-consultores\/servicios\/consultoria-industrial\/seguridad-industrial\/plan-de-autoproteccion\/#breadcrumb","itemListElement":[{"@type":"ListItem","position":1,"name":"Portada","item":"https:\/\/inycial.com\/"},{"@type":"ListItem","position":2,"name":"Inycia Ingenieros y Consultores","item":"https:\/\/inycial.com\/"},{"@type":"ListItem","position":3,"name":"SERVICIOS","item":"https:\/\/inycial.com\/index.php\/inycia-ingenieros-y-consultores\/servicios\/"},{"@type":"ListItem","position":4,"name":"CONSULTORIA INDUSTRIAL","item":"https:\/\/inycial.com\/index.php\/inycia-ingenieros-y-consultores\/servicios\/consultoria-industrial\/"},{"@type":"ListItem","position":5,"name":"CONSULTORIA EN SEGURIDAD INDUSTRIAL","item":"https:\/\/inycial.com\/index.php\/inycia-ingenieros-y-consultores\/servicios\/consultoria-industrial\/seguridad-industrial\/"},{"@type":"ListItem","position":6,"name":"PLAN DE AUTOPROTECCI\u00d3N"}]},{"@type":"WebSite","@id":"https:\/\/inycial.com\/#website","url":"https:\/\/inycial.com\/","name":"Inycia Ingenieros y Consultores","description":"Ingenier\u00eda y Consultor\u00eda instalaciones industriales y seguridad industrial","publisher":{"@id":"https:\/\/inycial.com\/#organization"},"potentialAction":[{"@type":"SearchAction","target":{"@type":"EntryPoint","urlTemplate":"https:\/\/inycial.com\/?s={search_term_string}"},"query-input":{"@type":"PropertyValueSpecification","valueRequired":true,"valueName":"search_term_string"}}],"inLanguage":"es"},{"@type":"Organization","@id":"https:\/\/inycial.com\/#organization","name":"Inycia Ingenieros y Consultores","url":"https:\/\/inycial.com\/","logo":{"@type":"ImageObject","inLanguage":"es","@id":"https:\/\/inycial.com\/#\/schema\/logo\/image\/","url":"https:\/\/inycial.com\/wp-content\/uploads\/2017\/03\/Logo-e1490218059466.jpg","contentUrl":"https:\/\/inycial.com\/wp-content\/uploads\/2017\/03\/Logo-e1490218059466.jpg","width":165,"height":41,"caption":"Inycia Ingenieros y Consultores"},"image":{"@id":"https:\/\/inycial.com\/#\/schema\/logo\/image\/"},"sameAs":["https:\/\/www.facebook.com\/inycial\/","https:\/\/x.com\/inycial","https:\/\/www.linkedin.com\/company\/ingenieria-y-consultoria-instalaciones-almacenamiento-s-l-","https:\/\/www.pinterest.es\/inycial\/"]}]}},"rttpg_featured_image_url":{"full":["https:\/\/inycial.com\/wp-content\/uploads\/2023\/03\/Banner_Autoproteccion.png",4000,2250,false],"landscape":["https:\/\/inycial.com\/wp-content\/uploads\/2023\/03\/Banner_Autoproteccion.png",4000,2250,false],"portraits":["https:\/\/inycial.com\/wp-content\/uploads\/2023\/03\/Banner_Autoproteccion.png",4000,2250,false],"thumbnail":["https:\/\/inycial.com\/wp-content\/uploads\/2023\/03\/Banner_Autoproteccion-150x150.png",150,150,true],"medium":["https:\/\/inycial.com\/wp-content\/uploads\/2023\/03\/Banner_Autoproteccion-300x169.png",300,169,true],"large":["https:\/\/inycial.com\/wp-content\/uploads\/2023\/03\/Banner_Autoproteccion-1024x576.png",1024,576,true],"1536x1536":["https:\/\/inycial.com\/wp-content\/uploads\/2023\/03\/Banner_Autoproteccion-1536x864.png",1536,864,true],"2048x2048":["https:\/\/inycial.com\/wp-content\/uploads\/2023\/03\/Banner_Autoproteccion-2048x1152.png",2048,1152,true],"post-thumbnail":["https:\/\/inycial.com\/wp-content\/uploads\/2023\/03\/Banner_Autoproteccion-300x250.png",300,250,true],"vega-post-thumbnail-recent":["https:\/\/inycial.com\/wp-content\/uploads\/2023\/03\/Banner_Autoproteccion-350x220.png",350,220,true]},"rttpg_author":{"display_name":"inycial.com","author_link":"https:\/\/inycial.com\/index.php\/author\/inycial-com\/"},"rttpg_comment":0,"rttpg_category":null,"rttpg_excerpt":"El Real Decreto 393\/2007, aprueba la Norma B\u00e1sica de Autoprotecci\u00f3n de los centros, establecimientos y dependencias dedicados a actividades que puedan dar origen a situaciones de emergencia. Las personas, empresas, organismos que pueden generar situaciones de riesgo y los centros que pueden resultar afectados, est\u00e1n obligados a adoptar medidas de autoprotecci\u00f3n y mantener medios para&hellip;","_links":{"self":[{"href":"https:\/\/inycial.com\/index.php\/wp-json\/wp\/v2\/pages\/922","targetHints":{"allow":["GET"]}}],"collection":[{"href":"https:\/\/inycial.com\/index.php\/wp-json\/wp\/v2\/pages"}],"about":[{"href":"https:\/\/inycial.com\/index.php\/wp-json\/wp\/v2\/types\/page"}],"author":[{"embeddable":true,"href":"https:\/\/inycial.com\/index.php\/wp-json\/wp\/v2\/users\/1"}],"replies":[{"embeddable":true,"href":"https:\/\/inycial.com\/index.php\/wp-json\/wp\/v2\/comments?post=922"}],"version-history":[{"count":8,"href":"https:\/\/inycial.com\/index.php\/wp-json\/wp\/v2\/pages\/922\/revisions"}],"predecessor-version":[{"id":1908,"href":"https:\/\/inycial.com\/index.php\/wp-json\/wp\/v2\/pages\/922\/revisions\/1908"}],"up":[{"embeddable":true,"href":"https:\/\/inycial.com\/index.php\/wp-json\/wp\/v2\/pages\/565"}],"wp:featuredmedia":[{"embeddable":true,"href":"https:\/\/inycial.com\/index.php\/wp-json\/wp\/v2\/media\/1643"}],"wp:attachment":[{"href":"https:\/\/inycial.com\/index.php\/wp-json\/wp\/v2\/media?parent=922"}],"curies":[{"name":"wp","href":"https:\/\/api.w.org\/{rel}","templated":true}]}}